{"id":1580,"date":"2010-05-18T23:26:27","date_gmt":"2010-05-18T21:26:27","guid":{"rendered":"http:\/\/www.duenengras.de\/?page_id=1580"},"modified":"2011-02-28T21:29:43","modified_gmt":"2011-02-28T20:29:43","slug":"inhalt-chronologisch-von-www-duenengras-de","status":"publish","type":"page","link":"https:\/\/www.duenengras.de\/?page_id=1580","title":{"rendered":"CHRONOLOG. > HOMEPAGE"},"content":{"rendered":"<p><!--KOPF von IV-ev-CHRONOLOGISCH in duenengras.de --><!--BILD: evangelisch.d + Gras in den D\u00fcnen --><\/p>\n<p style=\"padding-left: 30px;\"><a title=\"Klick zum Autorenweblog: \u00a0 \u00bbGras in den D\u00fcnen\u00ab \u00a0 in \u00a0 \u00bbevangelisch.de\u00ab \" href=\" http:\/\/www.evangelisch.de\/themen\/blogs\/gras-in-den-duenen  \" target=\"_blank\"> <img loading=\"lazy\" decoding=\"async\" class=\"alignleft\" src=\" http:\/\/www.duenengras.de\/wp-content\/uploads\/2010\/10\/Pic-EV-DE.gif \" alt=\"\" width=\"280\" height=\"70\" \/> <\/a> <a title=\" Klick zum Autorenweblog: \u00a0 \u00bbGras in den D\u00fcnen\u00ab \u00a0 in \u00a0 \u00bbevangelisch.de\u00ab \" href=\" http:\/\/www.evangelisch.de\/themen\/blogs\/gras-in-den-duenen  \" target=\"_blank\"> <img loading=\"lazy\" decoding=\"async\" src=\" http:\/\/www.duenengras.de\/wp-content\/uploads\/2010\/05\/ev-de-gras-in-den-duenen-300x68.jpg \" alt=\"\" width=\"305\" height=\"70\" \/><\/a><\/p>\n<p style=\"padding-left: 30px; font-size: medium; color: #003366; font-family: Verdana; font-weight: bold;\">Alle meine Autorenbeitr\u00e4ge in \u00a0 <span style=\"font-size: 125%; color: #0066b2;\"> evangelisch.de <\/span> in<br \/>\n<span style=\"font-size: 150%; color: #0066b2;\"> \u25ba chronologischer <\/span> Reihenfolge und als Link.<\/p>\n<p style=\"padding-left: 58px; font-size: small; color: #ff5801; font-family: Verdana; font-weight: bold;\"><a title=\" Link zum: \u00a0 Thematischen Inhaltsverzeichnis \u00a0 aus \u00a0 \u00bbevangelisch.de\u00ab\" href=\" http:\/\/www.duenengras.de\/?page_id=1765 \" target=\"_blank\"> <span style=\"color: rgb(255, 88, 1;\">\u25ba | Thematisches Inhaltsverzeichnis  \u00a0 aus \u00a0 \u00bbevangelisch.de\u00ab<\/span><\/a><br \/>\n<a title=\" Link zum: \u00a0 Inhaltsverzeichnis \u00bbSonstiger Beitr\u00e4ge\u00ab \u00a0  aus  \u00a0 \u00bbevangelisch,de\u00ab\" href=\" http:\/\/www.duenengras.de\/?page_id=1772 \" target=\"_blank\"> <span style=\"color: rgb(255, 88, 1;\">\u25ba | Inhaltsverzeichnis \u00bbSonstige Beitr\u00e4ge\u00ab \u00a0 aus \u00a0 \u00bbevangelisch.de\u00ab<\/span><\/a><\/p>\n<hr \/>\n<p style=\"padding-left: 30px; font-size: small; color: #ff5801; font-family: Verdana; font-weight: bold;\"><!--DATEN von IV-ev-CHRONOLOGISCH--><!--001--><a title=\" \u25ba | 30. September 2009 - 12:48 | D\u00fcnengras\" href=\" http:\/\/www.evangelisch.de\/themen\/blogs\/gras-in-den-duenen\/2009\/09\/30\/d\u00fcnengras \" target=\"_blank\"> <span style=\"color: rgb(255, 88, 1;\">\u25ba | D\u00fcnengras<\/span><\/a><br \/>\n<span style=\"padding-left: 28px; font-family: ARIAL; color: #808080; font-weight: normal;\"> mit einer Zusammenfassung der Beitr\u00e4ge <strong>\u00bbVorgeschichte\u00ab<\/strong> <\/span><br \/>\n<!--002--><a title=\" \u25ba | 20. Oktober 2009 - 1:07 | Vorgeschichte (1\/8): Eine harmlose Schwellung\" href=\" http:\/\/www.evangelisch.de\/themen\/blogs\/gras-in-den-duenen\/2009\/10\/20\/eine-harmlose-schwellung  \" target=\"_blank\"> <span style=\"color: rgb(255, 88, 1;\">\u25ba | Vorgeschichte (1\/8): Eine harmlose Schwellung <\/span><\/a><br \/>\n<!--003--><a title=\" \u25ba | 20. Oktober 2009 - 8:27 | Vorgeschichte (2\/8): Wenn uns ein Schicksalsschlag trifft\" href=\" http:\/\/www.evangelisch.de\/themen\/blogs\/gras-in-den-duenen\/2009\/10\/20\/wenn-uns-ein-schicksalsschlag-trifft  \" target=\"_blank\"> <span style=\"color: rgb(255, 88, 1;\">\u25ba | Vorgeschichte (2\/8): Wenn uns ein Schicksalsschlag trifft <\/span><\/a><br \/>\n<!--004--><a title=\" \u25ba | 21. Oktober 2009 - 11:03 | Vorgeschichte (3\/8): Fragliche Sicherheit\" href=\" http:\/\/www.evangelisch.de\/themen\/blogs\/gras-in-den-duenen\/2009\/10\/21\/fragliche-sicherheit  \" target=\"_blank\"> <span style=\"color: rgb(255, 88, 1;\">\u25ba | Vorgeschichte (3\/8): Fragliche Sicherheit<\/span><\/a><br \/>\n<!--005--><a title=\" \u25ba | 21. Oktober 2009 - 18:36 | Vorgeschichte (4\/8): Ein kleines Wunder\" href=\" http:\/\/www.evangelisch.de\/themen\/blogs\/gras-in-den-duenen\/2009\/10\/21\/ein-kleines-wunder  \" target=\"_blank\"> <span style=\"color: rgb(255, 88, 1;\">\u25ba | Vorgeschichte (4\/8): Ein kleines Wunder<\/span><\/a><br \/>\n<!--006--><a title=\" \u25ba | 22. Oktober 2009 - 21:42 | Vorgeschichte (5\/8): Dankbarkeit\" href=\" http:\/\/www.evangelisch.de\/themen\/blogs\/gras-in-den-duenen\/2009\/10\/22\/dankbarkeit  \" target=\"_blank\"> <span style=\"color: rgb(255, 88, 1;\">\u25ba | Vorgeschichte (5\/8): Dankbarkeit<\/span><\/a><br \/>\n<!--007--><a title=\" \u25ba | 24. Oktober 2009 - 10:38 | Vorgeschichte (6\/8): Selbstheilungskr\u00e4fte\" href=\" http:\/\/www.evangelisch.de\/themen\/blogs\/gras-in-den-duenen\/2009\/10\/24\/selbstheilungskraefte  \" target=\"_blank\"> <span style=\"color: rgb(255, 88, 1;\">\u25ba | Vorgeschichte (6\/8): Selbstheilungskr\u00e4fte<\/span><\/a><br \/>\n<!--008--><a title=\" \u25ba | 25. Oktober 2009 - 18:55 | Vorgeschichte (7\/8): Und es lohnt sich doch \u2026\" href=\" http:\/\/www.evangelisch.de\/themen\/blogs\/gras-in-den-duenen\/2009\/10\/25\/und-es-lohnt-sich-doch  \" target=\"_blank\"> <span style=\"color: rgb(255, 88, 1;\">\u25ba | Vorgeschichte (7\/8): Und es lohnt sich doch \u2026<\/span><\/a><br \/>\n<!--009--><a title=\" \u25ba | 27. Oktober 2009 - 0:46 | Vorgeschichte (8\/8): Offenheit und Aktivit\u00e4ten\" href=\" http:\/\/www.evangelisch.de\/themen\/blogs\/gras-in-den-duenen\/2009\/10\/26\/offenheit-und-aktivitaeten  \" target=\"_blank\"> <span style=\"color: rgb(255, 88, 1;\">\u25ba | Vorgeschichte (8\/8): Offenheit und Aktivit\u00e4ten<\/span><\/a><br \/>\n<!--010--><a title=\" \u25ba | 1. November 2009 - 13:18 | Vom Zahnarzt \u00fcber das Zeitfenster zum Eustress\" href=\" http:\/\/www.evangelisch.de\/themen\/blogs\/gras-in-den-duenen\/2009\/10\/31\/vom-zahnarzt-ueber-das-zeitfenster-zum-eustress  \" target=\"_blank\"> <span style=\"color: rgb(255, 88, 1;\">\u25ba | Vom Zahnarzt \u00fcber das Zeitfenster zum Eustress<\/span><\/a><br \/>\n<!--011--><a title=\" \u25ba | 1. November 2009 - 12:18 | 1 November, Allerheiligen, Herbst\" href=\" http:\/\/www.evangelisch.de\/themen\/blogs\/gras-in-den-duenen\/2009\/11\/01\/1-november-allerheiligen-herbst  \" target=\"_blank\"> <span style=\"color: rgb(255, 88, 1;\">\u25ba | 1. November, Allerheiligen, Herbst<\/span><\/a><br \/>\n<!--011a--><a title=\"\u25ba | 5. November 2009 - 15:10 | \u25aa Tageslicht \" href=\" http:\/\/www.evangelisch.de\/themen\/blogs\/gras-in-den-duenen\/2009\/11\/01\/1-november-allerheiligen-herbst#comment-6010 \" target=\"_blank\"> <span style=\"color: rgb(255, 88, 1;\">\u25ba | \u25aa Tageslicht<\/span><\/a><br \/>\n<!--012--><a title=\" \u25ba | 2. November 2009 - 16:51 | Herbst im Festtagskleid\" href=\" http:\/\/www.evangelisch.de\/themen\/blogs\/gras-in-den-duenen\/2009\/11\/02\/herbst-im-festtagskleid  \" target=\"_blank\"> <span style=\"color: rgb(255, 88, 1;\">\u25ba | Herbst im Festtagskleid<\/span><\/a><br \/>\n<!--013--><a title=\" \u25ba | 5. November 2009 - 21:16 | Nebel\" href=\" http:\/\/www.evangelisch.de\/themen\/blogs\/gras-in-den-duenen\/2009\/11\/05\/nebel  \" target=\"_blank\"> <span style=\"color: rgb(255, 88, 1;\">\u25ba | Nebel<\/span><\/a><br \/>\n<!--014--><a title=\" \u25ba | 6. November 2009 - 8:23 | \u00bbInternet-Sucht\u00ab\" href=\" http:\/\/www.evangelisch.de\/themen\/blogs\/gras-in-den-duenen\/2009\/11\/06\/internet-sucht  \" target=\"_blank\"> <span style=\"color: rgb(255, 88, 1;\">\u25ba | \u00bbInternet-Sucht\u00ab<\/span><\/a><br \/>\n<!--015--><a title=\" \u25ba | 7. November 2009 - 19:52 | Unser sch\u00f6ner Herbst\" href=\" http:\/\/www.evangelisch.de\/themen\/blogs\/gras-in-den-duenen\/2009\/11\/07\/unser-schoener-herbst  \" target=\"_blank\"> <span style=\"color: rgb(255, 88, 1;\">\u25ba | Unser sch\u00f6ner Herbst<\/span><\/a><br \/>\n<!--016--><a title=\" \u25ba | 10. November 2009 - 16:24 | \u00bbMacken haben wir alle, bei einigen fallen sie nur mehr auf!\u00ab\" href=\" http:\/\/www.evangelisch.de\/themen\/blogs\/gras-in-den-duenen\/2009\/11\/10\/macken-haben-wir-alle-bei-einigen-fallen-sie-nur-mehr-auf  \" target=\"_blank\"> <span style=\"color: rgb(255, 88, 1;\">\u25ba | \u00bbMacken haben wir alle, bei einigen fallen sie nur mehr auf!\u00ab<\/span><\/a><br \/>\n<!--017--><a title=\" \u25ba | 13. November 2009 - 22:50 | Lebenskunst\" href=\" http:\/\/www.evangelisch.de\/themen\/blogs\/gras-in-den-duenen\/2009\/11\/13\/lebenskunst  \" target=\"_blank\"> <span style=\"color: rgb(255, 88, 1;\">\u25ba | Lebenskunst<\/span><\/a><br \/>\n<!--018--><a title=\" \u25ba | 17. November 2009 - 20:03 | Die letzten bl\u00fchenden Pflanzen im Herbst \" href=\" http:\/\/www.evangelisch.de\/themen\/blogs\/gras-in-den-duenen\/2009\/11\/17\/die-letzten-bluehenden-pflanzen-im-herbst  \" target=\"_blank\"> <span style=\"color: rgb(255, 88, 1;\">\u25ba | Die letzten bl\u00fchenden Pflanzen im Herbst<\/span><\/a><br \/>\n<!--019--><a title=\" \u25ba | 19. November 2009 - 19:24 | Gedanken im November: Auch bei unserem Tod sind wir dabei!\" href=\" http:\/\/www.evangelisch.de\/themen\/blogs\/gras-in-den-duenen\/2009\/11\/19\/gedanken-im-november-auch-bei-unserem-tod-sind-wir-dabei \" target=\"_blank\"> <span style=\"color: rgb(255, 88, 1;\">\u25ba | Gedanken im November: Auch bei unserem Tod sind wir dabei!<\/span><\/a><br \/>\n<!--020--><a title=\" \u25ba | 21. November 2009 - 20:30 | SCHICKSALSSCHLAG\" href=\" http:\/\/www.evangelisch.de\/themen\/blogs\/gras-in-den-duenen\/2009\/11\/21\/schicksalsschlag  \" target=\"_blank\"> <span style=\"color: rgb(255, 88, 1;\">\u25ba | SCHICKSALSSCHLAG <\/span><\/a><br \/>\n<!--020a --><a title=\" \u25ba | 21. November 2009 - 20:44 | \u25aa Besinne Dich auf Deinen Atem\" href=\" http:\/\/www.evangelisch.de\/themen\/blogs\/gras-in-den-duenen\/2009\/11\/21\/schicksalsschlag#comment-8252 \" target=\"_blank\"> <span style=\"color: rgb(255, 88, 1;\">\u25ba | \u25aa Besinne Dich auf Deinen Atem <\/span><\/a><br \/>\n<!--020b--><a title=\" \u25ba | 23. November 2009 - 18:22 | \u25aa LOSLASSEN\" href=\" http:\/\/www.evangelisch.de\/themen\/blogs\/gras-in-den-duenen\/2009\/11\/21\/schicksalsschlag#comment-8511 \" target=\"_blank\"> <span style=\"color: rgb(255, 88, 1;\">\u25ba | \u25aa LOSLASSEN <\/span><\/a><br \/>\n<!--021--><a title=\" \u25ba | 27. November 2009 - 0:38 | TRAUERN\" href=\" http:\/\/www.evangelisch.de\/themen\/blogs\/gras-in-den-duenen\/2009\/11\/26\/trauern  \" target=\"_blank\"> <span style=\"color: rgb(255, 88, 1;\">\u25ba | TRAUERN <\/span><\/a><br \/>\n<span style=\"padding-left: 28px; font-family: ARIAL; color: #808080; font-weight: normal;\"> mit Anf\u00fcgung aller Beitr\u00e4ge zum Thema <strong>\u00bbTRAUER\u00ab<\/strong> <\/span><br \/>\n<!--022--><a title=\" \u25ba | 29. November 2009 - 19:56 | TRAUER-ARBEIT\" href=\" http:\/\/www.evangelisch.de\/themen\/blogs\/gras-in-den-duenen\/2009\/11\/29\/trauer-arbeit  \" target=\"_blank\"> <span style=\"color: rgb(255, 88, 1;\">\u25ba | TRAUER-ARBEIT <\/span><\/a><br \/>\n<!--023--><a title=\" \u25ba | 2. Dezember 2009 - 17:54 | Zum Trauern kann man nicht gezwungen werden\" href=\" http:\/\/www.evangelisch.de\/themen\/blogs\/gras-in-den-duenen\/2009\/12\/02\/zum-trauern-kann-man-nicht-gezwungen-werden  \" target=\"_blank\"> <span style=\"color: rgb(255, 88, 1;\">\u25ba | Zum Trauern kann man nicht gezwungen werden<\/span><\/a><br \/>\n<!--024--><a title=\" \u25ba | 4. Dezember 2009 - 22:29 | Die \u00dcberlebenstaktik des L\u00f6wenzahns\" href=\" http:\/\/www.evangelisch.de\/themen\/blogs\/gras-in-den-duenen\/2009\/12\/04\/die-ueberlebenstaktik-des-loewenzahns  \" target=\"_blank\"> <span style=\"color: rgb(255, 88, 1;\">\u25ba | Die \u00dcberlebenstaktik des L\u00f6wenzahns<\/span><\/a><br \/>\n<!--024a--><a title=\" \u25ba | 9. Dezember 2009 - 21:09 | \u25aa Pflanzen wie L\u00f6wenzahn und D\u00fcnengras \" href=\" http:\/\/www.evangelisch.de\/themen\/blogs\/gras-in-den-duenen\/2009\/12\/04\/die-ueberlebenstaktik-des-loewenzahns#comment-10712 \" target=\"_blank\"> <span style=\"color: rgb(255, 88, 1;\">\u25ba | \u25aa Pflanzen wie L\u00f6wenzahn und D\u00fcnengras<\/span><\/a><br \/>\n<!--025--><a title=\" \u25ba | 10. Dezember 2009 - 3:58 | Hadere nicht, vertraue!\" href=\" http:\/\/www.evangelisch.de\/themen\/blogs\/gras-in-den-duenen\/2009\/12\/10\/hadere-nicht-vertraue  \" target=\"_blank\"> <span style=\"color: rgb(255, 88, 1;\">\u25ba | Hadere nicht, vertraue!<\/span><\/a><br \/>\n<!--026--><a title=\" \u25ba | 14. Dezember 2009 - 18:56 | \u00bbChillen mit Gott\u00ab \" href=\" http:\/\/www.evangelisch.de\/themen\/blogs\/gras-in-den-duenen\/2009\/12\/14\/%C2%BBchillen-mit-gott%C2%AB  \" target=\"_blank\"> <span style=\"color: rgb(255, 88, 1;\">\u25ba | \u00bbChillen mit Gott\u00ab<\/span><\/a><br \/>\n<!--027--><a title=\" \u25ba | 22. Dezember 2009 - 13:53 | ... zu Weihnachten und zum Jahreswechsel ...\" href=\" http:\/\/www.evangelisch.de\/themen\/blogs\/gras-in-den-duenen\/2009\/12\/22\/zu-weihnachten-und-zum-jahreswechsel  \" target=\"_blank\"> <span style=\"color: rgb(255, 88, 1;\">\u25ba | &#8230; zu Weihnachten und zum Jahreswechsel &#8230;<\/span><\/a><br \/>\n<!--028--><a title=\"\u25ba | 8. Januar 2010 - 1:12 | \u00c4lter werden \" href=\" http:\/\/www.evangelisch.de\/themen\/blogs\/gras-in-den-duenen\/2010\/01\/08\/%C2%BBalter%C2%AB-und-%C2%BBaelter-werden%C2%AB-%E2%80%A6 \" target=\"_blank\"> <span style=\"color: rgb(255, 88, 1;\">\u25ba | \u00c4lter werden <\/span><\/a><br \/>\n<span style=\"padding-left: 28px; font-family: ARIAL; color: #808080; font-weight: normal;\"> mit einer Zusammenfassung aller Beitr\u00e4ge zum Thema <strong>\u00bb\u00c4lter werden\u00ab<\/strong> <\/span><br \/>\n<!--029--><a title=\" \u25ba | 15. Januar 2010 - 21:48 | Wie wird man alt?\" href=\" http:\/\/www.evangelisch.de\/themen\/blogs\/gras-in-den-duenen\/2010\/01\/15\/wie-wird-man-alt  \" target=\"_blank\"> <span style=\"color: rgb(255, 88, 1;\">\u25ba | Wie wird man alt?<\/span><\/a><br \/>\n<!--029a--><a title=\" \u25ba | 26. Januar 2010 - 17:38 | \u25aa Redewendungen zu \u00bbWie wird man alt?\u00ab\" href=\" http:\/\/www.evangelisch.de\/themen\/blogs\/gras-in-den-duenen\/2010\/01\/24\/wann-ist-man-alt?iisfix#comment-15803 \" target=\"_blank\"> <span style=\"color: rgb(255, 88, 1;\">\u25ba | \u25aa Redewendungen zu \u00bbWie wird man alt?\u00ab<\/span><\/a><br \/>\n<!--029b--><a title=\" \u25ba | 26. Januar 2010 - 18:11 | \u25aa Weitere Redewendungen zu \u00bbWie wird man alt?\u00ab\" href=\" http:\/\/www.evangelisch.de\/themen\/blogs\/gras-in-den-duenen\/2010\/01\/15\/wie-wird-man-alt#comment-15809 \" target=\"_blank\"> <span style=\"color: rgb(255, 88, 1;\">\u25ba | \u25aa Weitere Redewendungen zu \u00bbWie wird man alt?\u00ab<\/span><\/a><br \/>\n<!--030--><a title=\" \u25ba | 24. Januar 2010 - 12:19 | Wann ist man alt? \" href=\" http:\/\/www.evangelisch.de\/themen\/blogs\/gras-in-den-duenen\/2010\/01\/24\/wann-ist-man-alt  \" target=\"_blank\"> <span style=\"color: rgb(255, 88, 1;\">\u25ba | Wann ist man alt?<\/span><\/a><br \/>\n<!--030a--><a title=\" \u25ba | 26. Januar 2010 - 17:38 | \u25aa Redewendungen zu \u00bbWann ist man alt?\u00ab\" href=\" http:\/\/www.evangelisch.de\/themen\/blogs\/gras-in-den-duenen\/2010\/01\/24\/wann-ist-man-alt?iisfix#comment-15803 \" target=\"_blank\"> <span style=\"color: rgb(255, 88, 1;\">\u25ba | \u25aa Redewendungen zu \u00bbWann ist man alt?\u00ab<\/span><\/a><br \/>\n<!--031--><a title=\" \u25ba | 28. Januar 2010 - 18:06 | Vorz\u00fcge des Alterns: M\u00f6chte nicht j\u00fcnger sein ...\" href=\" http:\/\/www.evangelisch.de\/themen\/blogs\/gras-in-den-duenen\/2010\/01\/28\/vorzuege-des-alterns-moechte-nicht-juenger-sein  \" target=\"_blank\"> <span style=\"color: rgb(255, 88, 1;\">\u25ba | Vorz\u00fcge des Alterns: M\u00f6chte nicht j\u00fcnger sein &#8230;<\/span><\/a><br \/>\n<!--031a--><a title=\" \u25ba | 7. April 2010 - 17:24 | \u25aa Redewendungen zu \u00bbVorz\u00fcge und Annehmlichkeiten des Alters\u00ab \" href=\" http:\/\/www.evangelisch.de\/themen\/blogs\/gras-in-den-duenen\/2010\/02\/17\/die-vergeblichkeit-im-alter-jung-und-gesund-zu-bleiben#comment-22532 \" target=\"_blank\"> <span style=\"color: rgb(255, 88, 1;\">\u25ba | \u25aa Redewendungen zu \u00bbVorz\u00fcge und Annehmlichkeiten des Alters\u00ab<\/span><\/a><br \/>\n<!--032--><a title=\" \u25ba | 31. Januar 2010 - 17:30 | Altern ist eine Gnadenfrist \" href=\" http:\/\/www.evangelisch.de\/themen\/blogs\/gras-in-den-duenen\/2010\/01\/31\/altern-ist-eine-gnadenfrist  \" target=\"_blank\"> <span style=\"color: rgb(255, 88, 1;\">\u25ba | Altern ist eine Gnadenfrist<\/span><\/a><br \/>\n<!--033--><a title=\" \u25ba | 15. Februar 2010 - 15:57 | Theorie und Praxis\" href=\" http:\/\/www.evangelisch.de\/themen\/blogs\/gras-in-den-duenen\/2010\/02\/15\/theorie-und-praxis  \" target=\"_blank\"> <span style=\"color: rgb(255, 88, 1;\">\u25ba | Theorie und Praxis<\/span><\/a><br \/>\n<!--034--><a title=\" \u25ba | 17. Februar 2010 - 18:06 | Die Vergeblichkeit im Alter, jung und gesund zu bleiben\" href=\" http:\/\/www.evangelisch.de\/themen\/blogs\/gras-in-den-duenen\/2010\/02\/17\/die-vergeblichkeit-im-alter-jung-und-gesund-zu-bleiben  \" target=\"_blank\"> <span style=\"color: rgb(255, 88, 1;\">\u25ba | Die Vergeblichkeit im Alter, jung und gesund zu bleiben<\/span><\/a><br \/>\n<!--035--><a title=\" \u25ba | 23. Februar 2010 - 12:44 | Alter und Sch\u00f6nheit \" href=\" http:\/\/www.evangelisch.de\/themen\/blogs\/gras-in-den-duenen\/2010\/02\/23\/alter-und-schoenheit  \" target=\"_blank\"> <span style=\"color: rgb(255, 88, 1;\">\u25ba | Alter und Sch\u00f6nheit<\/span><\/a><br \/>\n<!--036--><a title=\" \u25ba | 25. Februar 2010 - 16:43 | Weisheiten und Verr\u00fccktheiten des Alters \" href=\" http:\/\/www.evangelisch.de\/themen\/blogs\/gras-in-den-duenen\/2010\/02\/25\/weisheiten-und-verruecktheiten-des-alters  \" target=\"_blank\"> <span style=\"color: rgb(255, 88, 1;\">\u25ba | Weisheiten und Verr\u00fccktheiten des Alters<\/span><\/a><br \/>\n<!--037--><a title=\" \u25ba | 4. M\u00e4rz 2010 - 18:32 | \u00bbSoll der Mensch von der Erfahrung mit dem Sterben erz\u00e4hlen?\u00ab \u2013 \u00bbIch habe Krebs!\u00ab\" href=\" http:\/\/www.evangelisch.de\/themen\/blogs\/gras-in-den-duenen\/2010\/03\/04\/%C2%BBsoll-der-mensch-von-der-erfahrung-mit-dem-sterben-erzaeh  \" target=\"_blank\"> <span style=\"color: rgb(255, 88, 1;\">\u25ba | \u00bbSoll der Mensch von der Erfahrung mit dem Sterben erz\u00e4hlen?\u00ab \u2013 <\/span><br \/>\n<span style=\"padding-left: 28px; color: rgb(255, 88, 1;\">\u00bbIch habe Krebs!\u00ab<\/span><\/a><br \/>\n<!--038--><a title=\" \u25ba | 8. April 2010 - 18:03 | Erst einmal nur Fr\u00fchjahrsm\u00fcdigkeit\" href=\" http:\/\/www.evangelisch.de\/themen\/blogs\/gras-in-den-duenen\/2010\/04\/08\/erst-einmal-nur-fruehjahrsmuedigkeit  \" target=\"_blank\"> <span style=\"color: rgb(255, 88, 1;\">\u25ba | Erst einmal nur Fr\u00fchjahrsm\u00fcdigkeit<\/span><\/a><br \/>\n<!--039--><a title=\" \u25ba | 10. April 2010 - 19:20 | Fr\u00fchjahrsm\u00fcdigkeit oder Depression\" href=\" http:\/\/www.evangelisch.de\/themen\/blogs\/gras-in-den-duenen\/2010\/04\/10\/fruehjahrsmuedigkeit-oder-depression \" target=\"_blank\"> <span style=\"color: rgb(255, 88, 1;\">\u25ba | Fr\u00fchjahrsm\u00fcdigkeit oder Depression<\/span><\/a><br \/>\n<!--040--><a title=\" \u25ba | 15. April 2010 - 23:10 | Antwort auf einen Leserbrief zum Thema Depression\" href=\" http:\/\/www.evangelisch.de\/themen\/blogs\/gras-in-den-duenen\/2010\/04\/15\/antwort-auf-einen-leserbrief-zum-thema-depression \" target=\"_blank\"> <span style=\"color: rgb(255, 88, 1;\">\u25ba | Antwort auf einen Leserbrief zum Thema Depression <\/span><\/a><br \/>\n<!--041--><a title=\" \u25ba | 18. April 2010 - 20:50 | Exkurs: Der kritische Patient\" href=\" http:\/\/www.evangelisch.de\/themen\/blogs\/gras-in-den-duenen\/2010\/04\/18\/exkurs-der-kritische-patient \" target=\"_blank\"> <span style=\"color: rgb(255, 88, 1;\">\u25ba | Exkurs: Der kritische Patient<\/span><\/a><br \/>\n<!--042--><a title=\" \u25ba | 21. April 2010 - 23:10 | Das Fieber der Psyche: Depressionen\" href=\" http:\/\/www.evangelisch.de\/themen\/blogs\/gras-in-den-duenen\/2010\/04\/21\/das-fieber-der-psyche-depressionen \" target=\"_blank\"> <span style=\"color: rgb(255, 88, 1;\">\u25ba | Das Fieber der Psyche: Depressionen<\/span><\/a><br \/>\n<!--043--><a title=\" \u25ba | 23. April 2010 - 6:33 | Zwischendurch ein Morgengru\u00df\" href=\" http:\/\/www.evangelisch.de\/themen\/blogs\/gras-in-den-duenen\/2010\/04\/23\/zwischendurch-ein-morgengruss \" target=\"_blank\"> <span style=\"color: rgb(255, 88, 1;\">\u25ba | Zwischendurch ein Morgengru\u00df<\/span><\/a><br \/>\n<!--044--><a title=\" \u25ba | 25. April 2010 - 19:54 | Ausgerechnet in der Ruhephase\" href=\" http:\/\/www.evangelisch.de\/themen\/blogs\/gras-in-den-duenen\/2010\/04\/25\/ausgerechnet-in-der-ruhephase \" target=\"_blank\"> <span style=\"color: rgb(255, 88, 1;\">\u25ba | Ausgerechnet in der Ruhephase<\/span><\/a><br \/>\n<!--045--><a title=\" \u25ba | 28. April 2010 - 16:54 | Depressionen als Chance\" href=\" http:\/\/www.evangelisch.de\/themen\/blogs\/gras-in-den-duenen\/2010\/04\/28\/depressionen-als-chance \" target=\"_blank\"> <span style=\"color: rgb(255, 88, 1;\">\u25ba | Depressionen als Chance<\/span><\/a><br \/>\n<!--046--><a title=\" \u25ba | 1. Mai 2010 - 16:39 | INHALTSVERZEICHNIS (THEMATISCH)\" href=\"http:\/\/www.evangelisch.de\/themen\/blogs\/gras-in-den-duenen\/2010\/05\/01\/inhaltsverzeichnis-thematisch \" target=\"_blank\"> <span style=\"color: rgb(255, 88, 1;\">\u25ba | INHALTSVERZEICHNIS (THEMATISCH)<\/span><\/a><br \/>\n<!--046a--><a title=\" \u25ba | 2. Mai 2010 - 19:08 | \u25aa INHALTSVERZEICHNIS (CHRONOLOgISCH)\" href=\" http:\/\/www.evangelisch.de\/themen\/blogs\/gras-in-den-duenen\/2010\/05\/01\/inhaltsverzeichnis-thematisch#comment-24040 \" target=\"_blank\"> <span style=\"color: rgb(255, 88, 1;\">\u25ba | \u25aa INHALTSVERZEICHNIS (CHRONOLOGISCH)<\/span><\/a><br \/>\n<!--046b--><a title=\" \u25ba | 26. Mai 2010 - 18:39 | \u25aa INHALTSVERZEICHNIS (SONSTIGE BEITR\u00c4GE)\" href=\" http:\/\/www.evangelisch.de\/themen\/blogs\/gras-in-den-duenen\/2010\/05\/01\/inhaltsverzeichnis-thematisch#comment-25482 \" target=\"_blank\"> <span style=\"color: rgb(255, 88, 1;\">\u25ba | \u25aa INHALTSVERZEICHNIS (SONSTIGE BEITR\u00c4GE)<\/span><\/a><br \/>\n<!--047--><a title=\" \u25ba | 2. Mai 2010 - 16:06 | \u00bbGeh du voraus\u00ab bittet die Seele den K\u00f6rper \u2026\" href=\" http:\/\/www.evangelisch.de\/themen\/blogs\/gras-in-den-duenen\/2010\/05\/02\/geh-du-voraus-bittet-die-seele-den-koerper-%E2%80%A6 \" target=\"_blank\"> <span style=\"color: rgb(255, 88, 1;\">\u25ba | &#8222;Geh du voraus!&#8220; bittet die Seele den K\u00f6rper \u2026<\/span><\/a><br \/>\n<!--048--><a title=\" \u25ba | 8. Mai 2010 - 12:59 | \u00bbWarum ich ?\u00ab\" href=\" http:\/\/www.evangelisch.de\/themen\/blogs\/gras-in-den-duenen\/2010\/05\/08\/%C2%BBwarum-ich-%C2%AB \" target=\"_blank\"> <span style=\"color: rgb(255, 88, 1;\">\u25ba | \u00bbWarum ich ?\u00ab<\/span><\/a><br \/>\n<!--049--><a title=\" \u25ba | 16. Mai 2010 - 11:58 | Ein regelm\u00e4\u00dfiger Gru\u00df zur anstehenden Woche\" href=\" http:\/\/www.evangelisch.de\/themen\/blogs\/gras-in-den-duenen\/2010\/05\/16\/ein-regelm%C3%A4%C3%9Figer-gru%C3%9F-zur-anstehenden-woche \" target=\"_blank\"> <span style=\"color: rgb(255, 88, 1;\">\u25ba | Ein regelm\u00e4\u00dfiger Gru\u00df zur anstehenden Woche<\/span><\/a><br \/>\n<!--050--><a title=\" \u25ba | 16. Mai 2010 - 21:33 | Nun ist der Winter endlich vorbei \u2026\" href=\" http:\/\/www.evangelisch.de\/themen\/blogs\/gras-in-den-duenen\/2010\/05\/16\/nun-ist-der-winter-endlich-vorbei-%E2%80%A6 \" target=\"_blank\"> <span style=\"color: rgb(255, 88, 1;\">\u25ba | Nun ist der Winter endlich vorbei \u2026<\/span><\/a><br \/>\n<!--051: a052--><a title=\" \u25ba | 17. Mai 2010 - 0:02 | Beachte und nutze Deine Atmung \" href=\" http:\/\/www.evangelisch.de\/themen\/blogs\/gras-in-den-duenen\/2010\/05\/17\/beachte-und-nutze-deine-atmung \" target=\"_blank\"> <span style=\"color: rgb(255, 88, 1;\">\u25ba | Beachte und nutze Deine Atmung<\/span><\/a><br \/>\n<!--052: v020, v020, v051--><a title=\" \u25ba | 19. Mai 2010 - 23:25 | Es atmet uns \u2026 \" href=\" http:\/\/www.evangelisch.de\/themen\/blogs\/gras-in-den-duenen\/2010\/05\/19\/es-atmet-uns-%E2%80%A6 \" target=\"_blank\"> <span style=\"color: rgb(255, 88, 1;\">\u25ba | Es atmet uns \u2026<\/span><\/a><br \/>\n<!--053--><a title=\" \u25ba | 24. Mai 2010 - 1:24 | Pfingsten wider den \u00bbTurmbau zu Babel\u00ab\" href=\" http:\/\/www.evangelisch.de\/themen\/blogs\/gras-in-den-duenen\/2010\/05\/24\/pfingsten-wider-den-%C2%BBturmbau-zu-babel%C2%AB \" target=\"_blank\"> <span style=\"color: rgb(255, 88, 1;\">\u25ba | Pfingsten wider den \u00bbTurmbau zu Babel\u00ab<\/span><\/a><br \/>\n<!--054--><a title=\" \u25ba | 24. Mai 2010 - 2:54 | Der Atem als Lebensatem oder \u00bbHauch Gottes\u00ab\" href=\" http:\/\/www.evangelisch.de\/themen\/blogs\/gras-in-den-duenen\/2010\/05\/24\/der-atem-als-lebensatem-oder-%C2%BBhauch-gottes%C2%AB \" target=\"_blank\"> <span style=\"color: rgb(255, 88, 1;\">\u25ba | Der Atem als Lebensatem oder \u00bbHauch Gottes\u00ab<\/span><\/a><br \/>\n<!--055--><a title=\" \u25ba | 30. Mai 2010 - 0:13 | Durch die L\u00fcfte zum Himmel fahren!\" href=\" http:\/\/www.evangelisch.de\/themen\/blogs\/gras-in-den-duenen\/2010\/05\/30\/durch-die-l%C3%BCfte-zum-himmel-fahren \" target=\"_blank\"> <span style=\"color: rgb(255, 88, 1;\">\u25ba | Durch die L\u00fcfte zum Himmel fahren!<\/span><\/a><br \/>\n<!--056--><a title=\" \u25ba | 31. Mai 2010 - 1:16 | Hebe deinen Blick \u2026\" href=\" http:\/\/www.evangelisch.de\/themen\/blogs\/gras-in-den-duenen\/2010\/05\/31\/hebe-deinen-blick \" target=\"_blank\"> <span style=\"color: rgb(255, 88, 1;\">\u25ba | Hebe deinen Blick \u2026<\/span><\/a><br \/>\n<!--057--><a title=\" \u25ba | 5. Juni 2010 - 0:02 | Mit Luft in die Luft \u2026 \" href=\" http:\/\/www.evangelisch.de\/themen\/blogs\/gras-in-den-duenen\/2010\/06\/05\/mit-luft-in-die-luft-%E2%80%A6 \" target=\"_blank\"> <span style=\"color: rgb(255, 88, 1;\">\u25ba | Mit Luft in die Luft \u2026<\/span><\/a><br \/>\n<!--058--><a title=\" \u25ba | 6. Juni 2010 - 22:04 | Eine Ballonfahrt ins eigene ICH \" href=\" http:\/\/www.evangelisch.de\/themen\/blogs\/gras-in-den-duenen\/2010\/06\/06\/eine-ballonfahrt-ins-eigene-ich \" target=\"_blank\"> <span style=\"color: rgb(255, 88, 1;\">\u25ba | Eine Ballonfahrt ins eigene ICH<\/span><\/a><br \/>\n<!--059--><a title=\" \u25ba | 13. Juni 2010 - 20:24 | WIR WELTMEISTER\" href=\" http:\/\/www.evangelisch.de\/themen\/blogs\/gras-in-den-duenen\/2010\/06\/13\/wir-weltmeister \" target=\"_blank\"> <span style=\"color: rgb(255, 88, 1;\">\u25ba | WIR WELTMEISTER<\/span><\/a><br \/>\n<!--060--><a title=\" \u25ba | 14. Juni 2010 - 0:04 | Gemeinsam jubeln ist am sch\u00f6nsten\" href=\" http:\/\/www.evangelisch.de\/themen\/blogs\/gras-in-den-duenen\/2010\/06\/14\/gemeinsam-jubeln-ist-am-sch%C3%B6nsten \" target=\"_blank\"> <span style=\"color: rgb(255, 88, 1;\">\u25ba | Gemeinsam jubeln ist am sch\u00f6nsten<\/span><\/a><br \/>\n<!--061--><a title=\" \u25ba | 18. Juni 2010 - 17:12 | Zur\u00fcck auf den Boden: Ende der Ballonfahrt !\" href=\" http:\/\/www.evangelisch.de\/themen\/blogs\/gras-in-den-duenen\/2010\/06\/18\/zur%C3%BCck-auf-den-boden-ende-der-ballonfahrt \" target=\"_blank\"> <span style=\"color: rgb(255, 88, 1;\">\u25ba | Zur\u00fcck auf den Boden: Ende der Ballonfahrt !<\/span><\/a><br \/>\n<!--062--><a title=\" \u25ba | 19. Juni 2010 - 2:33 | Ballonfahrttaufe\" href=\" http:\/\/www.evangelisch.de\/themen\/blogs\/gras-in-den-duenen\/2010\/06\/19\/ballonfahrttaufe \" target=\"_blank\"> <span style=\"color: rgb(255, 88, 1;\">\u25ba | Ballonfahrttaufe<\/span><\/a><br \/>\n<!--063--><a title=\" \u25ba | 20. Juni 2010 - 22:00 | Es kommt nur auf die Sichtweise an\" href=\" http:\/\/www.evangelisch.de\/themen\/blogs\/gras-in-den-duenen\/2010\/06\/20\/es-kommt-nur-auf-die-sichtweise-an \" target=\"_blank\"> <span style=\"color: rgb(255, 88, 1;\">\u25ba | Es kommt nur auf die Sichtweise an<\/span><\/a><br \/>\n<!--064--><a title=\" \u25ba | 27. Juni 2010 - 22:08 | 4:1 gegen England! - Vertrauen ist immer gut!\" href=\" http:\/\/www.evangelisch.de\/themen\/blogs\/gras-in-den-duenen\/2010\/06\/27\/41-gegen-england-vertrauen-ist-immer-gut \" target=\"_blank\"> <span style=\"color: rgb(255, 88, 1;\">\u25ba | 4:1 gegen England! &#8211; Vertrauen ist immer gut!<\/span><\/a><br \/>\n<!--065--><a title=\" \u25ba | 02. Juli 2010 - 19:56 | Der Tod lehrt uns \u00bbloszulassen\u00ab\" href=\" http:\/\/www.evangelisch.de\/themen\/blogs\/gras-in-den-duenen\/2010\/07\/02\/der-tod-lehrt-uns-%C2%BBloszulassen%C2%AB \" target=\"_blank\"> <span style=\"color: rgb(255, 88, 1;\">\u25ba | Der Tod lehrt uns \u00bbloszulassen\u00ab<\/span><\/a><br \/>\n<!--066--><a title=\" \u25ba | 4. Juli 2010 - 21:05 | Der Fu\u00dfballgott\" href=\" http:\/\/www.evangelisch.de\/themen\/blogs\/gras-in-den-duenen\/2010\/07\/04\/der-fu%C3%9Fballgott \" target=\"_blank\"> <span style=\"color: rgb(255, 88, 1;\">\u25ba | Der Fu\u00dfballgott<\/span><\/a><br \/>\n<!--067--><a title=\" \u25ba | 7. Juli 2010 - 22:56 | Fu\u00dfballweltmeistertitel 2010 ade, aber ...\" href=\" http:\/\/www.evangelisch.de\/themen\/blogs\/gras-in-den-duenen\/2010\/07\/07\/fu%C3%9Fballweltmeistertitel-2010-ade-aber \" target=\"_blank\"> <span style=\"color: rgb(255, 88, 1;\">\u25ba | Fu\u00dfballweltmeistertitel 2010 ade, aber &#8230;<\/span><\/a><br \/>\n<!--068--><a title=\" \u25ba | 11. Juli 2010 - 22:44 | Was wir von unserer Fu\u00dfballnationalmannschaft lernen k\u00f6nnen\" href=\" http:\/\/www.evangelisch.de\/themen\/blogs\/gras-in-den-duenen\/2010\/07\/11\/was-wir-von-unserer-fu%C3%9Fballnationalmannschaft-lernen-k%C3%B6nn \" target=\"_blank\"> <span style=\"color: rgb(255, 88, 1;\">\u25ba | Was wir von unserer Fu\u00dfballnationalmannschaft lernen k\u00f6nnen<\/span><\/a><br \/>\n<!--069--><a title=\" \u25ba | 18. Juli 2010 - 23:21 | Fu\u00dfball und Diktatur, Helden und Widerstandsk\u00e4mpfer \u2026\" href=\" http:\/\/www.evangelisch.de\/themen\/blogs\/gras-in-den-duenen\/2010\/07\/18\/fu%C3%9Fball-und-diktatur-helden-und-widerstandsk%C3%A4mpfer \" target=\"_blank\"> <span style=\"color: rgb(255, 88, 1;\">\u25ba | Fu\u00dfball und Diktatur, Helden und Widerstandsk\u00e4mpfer \u2026<\/span><\/a><br \/>\n<!--070--><a title=\" \u25ba | 19. Juli 2010 - 0:55 | Was wir von unseren Widerstandsk\u00e4mpfern lernen k\u00f6nnen\" href=\" http:\/\/www.evangelisch.de\/themen\/blogs\/gras-in-den-duenen\/2010\/07\/19\/was-wir-von-unseren-widerstandsk%C3%A4mpfern-lernen-k%C3%B6nnen \" target=\"_blank\"> <span style=\"color: rgb(255, 88, 1;\">\u25ba | Was wir von unseren Widerstandsk\u00e4mpfern lernen k\u00f6nnen<\/span><\/a><br \/>\n<!--071--><a title=\" \u25ba | 30. Juli 2010 - 22:45 | Tragik Loveparade\" href=\" http:\/\/www.evangelisch.de\/themen\/blogs\/gras-in-den-duenen\/2010\/07\/30\/tragik-loveparade \" target=\"_blank\"> <span style=\"color: rgb(255, 88, 1;\">\u25ba | Tragik Loveparade<\/span><\/a><br \/>\n<!--072--><a title=\" \u25ba | 31. Juli 2010 - 21:29 | Stets vorbereitet sein \u2026\" href=\" http:\/\/www.evangelisch.de\/themen\/blogs\/gras-in-den-duenen\/2010\/07\/31\/stets-vorbereitet-sein-%E2%80%A6 \" target=\"_blank\"> <span style=\"color: rgb(255, 88, 1;\">\u25ba | Stets vorbereitet sein \u2026<\/span><\/a><br \/>\n<!--073--><a title=\" \u25ba | 1. August 2010 - 23:58 | Im Zyklus leben\" href=\" http:\/\/www.evangelisch.de\/themen\/blogs\/gras-in-den-duenen\/2010\/08\/01\/im-zyklus-leben \" target=\"_blank\"> <span style=\"color: rgb(255, 88, 1;\">\u25ba | Im Zyklus leben<\/span><\/a><br \/>\n<!--074--><a title=\" \u25ba | 2. August 2010 - 01:00 | Nicht nur f\u00fcr diese Woche \u2026\" href=\" http:\/\/www.evangelisch.de\/themen\/blogs\/gras-in-den-duenen\/2010\/08\/02\/nicht-nur-f%C3%BCr-diese-woche-%E2%80%A6 \" target=\"_blank\"> <span style=\"color: rgb(255, 88, 1;\">\u25ba | Nicht nur f\u00fcr diese Woche \u2026<\/span><\/a><br \/>\n<!--075--><a title=\" \u25ba | 7. August 2010 - 20:09 | Eure Kinder sind nicht Eure Kinder\" href=\" http:\/\/www.evangelisch.de\/themen\/blogs\/gras-in-den-duenen\/2010\/08\/07\/eure-kinder-sind-nicht-eure-kinder \" target=\"_blank\"> <span style=\"color: rgb(255, 88, 1;\">\u25ba | Eure Kinder sind nicht Eure Kinder<\/span><\/a><br \/>\n<!--075G--><a title=\" \u25ba | \u25aa Beitrag von \u00bbGabi\u00ab | 8. August 2010 - 0:30. | Ein Kind kann \u2026\" href=\" http:\/\/www.evangelisch.de\/themen\/blogs\/gras-in-den-duenen\/2010\/08\/07\/eure-kinder-sind-nicht-eure-kinder#comment-28649 \" target=\"_blank\"> <span style=\"color: rgb(255, 88, 1;\">\u25ba | \u25aa Beitrag von \u00bbGabi\u00ab: Ein Kind kann \u2026<\/span><\/a><br \/>\n<!--075a--><a title=\" \u25ba | 16. August 2010 - 21:38 | \u25aa Als Wunsch an die Eltern: \u00bbEin Kind kann \u2026\u00ab\" href=\" http:\/\/www.evangelisch.de\/themen\/blogs\/gras-in-den-duenen\/2010\/08\/07\/eure-kinder-sind-nicht-eure-kinder#comment-28649 \" target=\"_blank\"> <span style=\"color: rgb(255, 88, 1;\">\u25ba | \u25aa Als Wunsch an die Eltern: \u00bbEin Kind kann \u2026\u00ab<\/span><\/a><br \/>\n<!--075b--><a title=\" \u25ba | 17. August 2010 - 1:31 | \u25aa Als Gebet: \u00bbEin Kind kann \u2026\u00ab \" href=\" http:\/\/www.evangelisch.de\/themen\/blogs\/gras-in-den-duenen\/2010\/08\/07\/eure-kinder-sind-nicht-eure-kinder#comment-28650 \" target=\"_blank\"> <span style=\"color: rgb(255, 88, 1;\">\u25ba | \u25aa Als Gebet: \u00bbEin Kind kann \u2026\u00ab<\/span><\/a><br \/>\n<!--076--><a title=\" \u25ba | 8. August 2010 - 0:54 | Kreisbogen der Generationen \" href=\" http:\/\/www.evangelisch.de\/themen\/blogs\/gras-in-den-duenen\/2010\/08\/08\/kreisbogen-der-generationen \" target=\"_blank\"> <span style=\"color: rgb(255, 88, 1;\">\u25ba | Kreisbogen der Generationen<\/span><\/a><br \/>\n<!--077--><a title=\" \u25ba | 8. August 2010 - 2:33 | Zum erstgeborenen Kind \u2026 \" href=\" http:\/\/www.evangelisch.de\/themen\/blogs\/gras-in-den-duenen\/2010\/08\/08\/zum-erstgeborenen-kind-%E2%80%A6 \" target=\"_blank\"> <span style=\"color: rgb(255, 88, 1;\">\u25ba | Zum erstgeborenen Kind \u2026<\/span><\/a><br \/>\n<!--078--><a title=\" \u25ba | 16. August 2010 - 14:25 | Kein sch\u00f6ner Land \" href=\" http:\/\/www.evangelisch.de\/themen\/blogs\/gras-in-den-duenen\/2010\/08\/16\/kein-sch\u00f6ner-land \" target=\"_blank\"> <span style=\"color: rgb(255, 88, 1;\">\u25ba | Kein sch\u00f6ner Land<\/span><\/a><br \/>\n<!--079--><a title=\" \u25ba | 16. August 2010 - 15:15 | Der Wecker klingelt \u2026\" href=\" http:\/\/www.evangelisch.de\/themen\/blogs\/gras-in-den-duenen\/2010\/08\/16\/der-wecker-klingelt-%E2%80%A6 \" target=\"_blank\"> <span style=\"color: rgb(255, 88, 1;\">\u25ba | Der Wecker klingelt \u2026<\/span><\/a><br \/>\n<!--079a--><a title=\" \u25ba | 18. August 2010 - 19:25 | \u25aa Als Gebet: \u00bbWenn der Wecker morgens klingelt \u2026 \u00ab\" href=\" http:\/\/www.evangelisch.de\/themen\/blogs\/gras-in-den-duenen\/2010\/08\/16\/der-wecker-klingelt-\u2026#comment-28677\" target=\"_blank\"> <span style=\"color: rgb(255, 88, 1;\">\u25ba | \u25aa Als Gebet: \u00bbWenn der Wecker morgens klingelt \u2026 \u00ab<\/span><\/a><br \/>\n<!--080--><a title=\" \u25ba | 23. August 2010 - 02:50 | Lebensph\u00e4nomen Pause \" href=\" http:\/\/www.evangelisch.de\/themen\/blogs\/gras-in-den-duenen\/2010\/08\/23\/lebensph\u00e4nomen-pause \" target=\"_blank\"> <span style=\"color: rgb(255, 88, 1;\">\u25ba | Lebensph\u00e4nomen  Pause<\/span><\/a><br \/>\n<!--081--><a title=\" \u25ba | 23. August 2010 - 03:48 | Mach mal Pause \u2026\" href=\" http:\/\/www.evangelisch.de\/themen\/blogs\/gras-in-den-duenen\/2010\/08\/23\/mach-mal-pause-\u2026 \" target=\"_blank\"> <span style=\"color: rgb(255, 88, 1;\">\u25ba | Mach mal Pause \u2026<\/span><\/a><br \/>\n<!--082--><a title=\" \u25ba | 24. August 2010 - 20:14 | Ruhe hei\u00dft nicht Stillstand\" href=\" http:\/\/www.evangelisch.de\/themen\/blogs\/gras-in-den-duenen\/2010\/08\/24\/ruhe-hei\u00dft-nicht-stillstand \" target=\"_blank\"> <span style=\"color: rgb(255, 88, 1;\">\u25ba | Ruhe hei\u00dft nicht Stillstand<\/span><\/a><br \/>\n<!--083--><a title=\" \u25ba | 29. August 2010 - 22:20 | Keine Pause mehr\" href=\" http:\/\/www.evangelisch.de\/themen\/blogs\/gras-in-den-duenen\/2010\/08\/29\/keine-pause-mehr \" target=\"_blank\"> <span style=\"color: rgb(255, 88, 1;\">\u25ba | Keine Pause mehr<\/span><\/a><br \/>\n<!--084--><a title=\" \u25ba | 30. August 2010 - 6:44 | Nutze Deinen Zeitreichtum \" href=\" http:\/\/www.evangelisch.de\/themen\/blogs\/gras-in-den-duenen\/2010\/08\/30\/nutze-deinen-zeitreichtum \" target=\"_blank\"> <span style=\"color: rgb(255, 88, 1;\">\u25ba | Nutze Deinen Zeitreichtum<\/span><\/a><br \/>\n<!--085--><a title=\" \u25ba | 1. September 2010 - 13:38 | F\u00fcrbitten eines Hochzeitspaares \" href=\" http:\/\/www.evangelisch.de\/themen\/blogs\/gras-in-den-duenen\/2010\/09\/01\/f%C3%BCrbitten-eines-hochzeitspaares \" target=\"_blank\"> <span style=\"color: rgb(255, 88, 1;\">\u25ba | F\u00fcrbitten eines Hochzeitspaares<\/span><\/a><br \/>\n<!--085a--><a title=\" \u25ba | 11. September 2010 - 9:56 | \u25aa Hochzeitsansprache\" href=\" http:\/\/www.evangelisch.de\/themen\/blogs\/gras-in-den-duenen\/2010\/09\/01\/f%C3%BCrbitten-eines-hochzeitspaares?iisfix#comment-29656 \" target=\"_blank\"> <span style=\"color: rgb(255, 88, 1;\">\u25ba | \u25aa Hochzeitsansprache<\/span><\/a><br \/>\n<!--086--><a title=\" \u25ba | 3. September 2010 - 13:59 | Hochzeitswahnsinn \" href=\" http:\/\/www.evangelisch.de\/themen\/blogs\/gras-in-den-duenen\/2010\/09\/03\/hochzeitswahnsinn \" target=\"_blank\"> <span style=\"color: rgb(255, 88, 1;\">\u25ba | Hochzeitswahnsinn<\/span><\/a><br \/>\n<!--087--><a title=\" \u25ba | 5. September 2010 - 11:04 | Die Temperamentenfrage \" href=\" http:\/\/www.evangelisch.de\/themen\/blogs\/gras-in-den-duenen\/2010\/09\/05\/die-temperamentenfrage\" target=\"_blank\"> <span style=\"color: rgb(255, 88, 1;\">\u25ba | Die Temperamentenfrage<\/span><\/a><br \/>\n<!--088--><a title=\" \u25ba | 6. September 2010 - 9:25 | Ein Paar, weil Ihr Euch dazu macht \u2026 \" href=\" http:\/\/www.evangelisch.de\/themen\/blogs\/gras-in-den-duenen\/2010\/09\/06\/ein-paar-weil-ihr-euch-dazu-macht-%E2%80%A6\" target=\"_blank\"> <span style=\"color: rgb(255, 88, 1;\">\u25ba | Ein Paar, weil Ihr Euch dazu macht \u2026<\/span><\/a><br \/>\n<!--089--><a title=\" \u25ba | 7. September 2010 - 12:51 | Die Symbiose an- und gegen\u00fcberliegender Temperamente\" href=\" http:\/\/www.evangelisch.de\/themen\/blogs\/gras-in-den-duenen\/2010\/09\/07\/die-symbiose-an-und-gegen%C3%BCberliegender-temperamente\" target=\"_blank\"> <span style=\"color: rgb(255, 88, 1;\">\u25ba | Die Symbiose an- und gegen\u00fcberliegender Temperamente<\/span><\/a><br \/>\n<!--090--><a title=\" \u25ba | 8. September 2010 - 17:59 | Ihr seid das Paar, das ihr aus euch macht\" href=\" http:\/\/www.evangelisch.de\/themen\/blogs\/gras-in-den-duenen\/2010\/09\/08\/ihr-seid-das-paar-das-ihr-aus-euch-macht \" target=\"_blank\"> <span style=\"color: rgb(255, 88, 1;\">\u25ba | Ihr seid das Paar, das ihr aus euch macht<\/span><\/a><br \/>\n<!--091--><a title=\" \u25ba | 10. September 2010 - 14:28 | In jede Liebe f\u00e4llt ein Wermutstropfen\" href=\" http:\/\/www.evangelisch.de\/themen\/blogs\/gras-in-den-duenen\/2010\/09\/10\/in-jede-liebe-f%C3%A4llt-ein-wermutstropfen \" target=\"_blank\"> <span style=\"color: rgb(255, 88, 1;\">\u25ba | In jede Liebe f\u00e4llt ein Wermutstropfen<\/span><\/a><br \/>\n<!--092--><a title=\" \u25ba | 12. September 2010 - 18:32 | Die Farben unseres Lebens\" href=\" http:\/\/www.evangelisch.de\/themen\/blogs\/gras-in-den-duenen\/2010\/09\/12\/die-farben-unseres-lebens \" target=\"_blank\"> <span style=\"color: rgb(255, 88, 1;\">\u25ba | Die Farben unseres Lebens<\/span><\/a><br \/>\n<!--093--><a title=\" \u25ba | 19. September 2010 - 22:19 | Pause als Z\u00e4sur\" href=\" http:\/\/www.evangelisch.de\/themen\/blogs\/gras-in-den-duenen\/2010\/09\/19\/pause-als-z%C3%A4sur\" target=\"_blank\"> <span style=\"color: rgb(255, 88, 1;\">\u25ba | Pause als Z\u00e4sur<\/span><\/a><br \/>\n<!--094--><a title=\" \u25ba | 26. September 2010 - 22:40 | Eine Pause der Stille \" href=\" http:\/\/www.evangelisch.de\/themen\/blogs\/gras-in-den-duenen\/2010\/09\/26\/eine-pause-der-stille \" target=\"_blank\"> <span style=\"color: rgb(255, 88, 1;\">\u25ba | Eine Pause der Stille<\/span><\/a><br \/>\n<!--095--><a title=\" \u25ba | 1. Oktober 2010 - 23:48 | Zur Mitte des Lebens finden\" href=\" http:\/\/www.evangelisch.de\/themen\/blogs\/gras-in-den-duenen\/2010\/10\/01\/zur-mitte-des-lebens-finden\" target=\"_blank\"> <span style=\"color: rgb(255, 88, 1;\">\u25ba | Zur Mitte des Lebens finden<\/span><\/a><br \/>\n<!--096--><a title=\" \u25ba | 3. Oktober 2010 - 20:22 | Die Mitte der Lebendigkeit\" href=\" http:\/\/www.evangelisch.de\/themen\/blogs\/gras-in-den-duenen\/2010\/10\/03\/die-mitte-der-lebendigkeit \" target=\"_blank\"> <span style=\"color: rgb(255, 88, 1;\">\u25ba | Die Mitte der Lebendigkeit<\/span><\/a><br \/>\n<!--097--><a title=\" \u25ba | 7. Oktober 2010 - 16:22 | Verletzlichkeit\" href=\"  http:\/\/www.evangelisch.de\/themen\/blogs\/gras-in-den-duenen\/2010\/10\/07\/verletzlichkeit \" target=\"_blank\"> <span style=\"color: rgb(255, 88, 1;\">\u25ba | Verletzlichkeit <\/span><\/a><br \/>\n<!--098--><a title=\" \u25ba | 10. Oktober 2010 - 01:21 | Heilung Deiner Verletzungen \" href=\" http:\/\/www.evangelisch.de\/themen\/blogs\/gras-in-den-duenen\/2010\/10\/10\/heilung-deiner-verletzungen \" target=\"_blank\"> <span style=\"color: rgb(255, 88, 1;\">\u25ba | Heilung Deiner Verletzungen <\/span><\/a><br \/>\n<!--099--><a title=\" \u25ba | 16. Oktober 2010 - 13:25 | Der Weg \u00fcber den Schicksalsschlag\" href=\" http:\/\/www.evangelisch.de\/themen\/blogs\/gras-in-den-duenen\/2010\/10\/16\/der-weg-%C3%BCber-den-schicksalsschlag \" target=\"_blank\"> <span style=\"color: rgb(255, 88, 1;\">\u25ba | Der Weg \u00fcber den Schicksalsschlag <\/span><\/a><br \/>\n<!--100--><a title=\" \u25ba | 18. Oktober 2010 - 01:55 | Dankbarkeit als Weg\" href=\" http:\/\/www.evangelisch.de\/themen\/blogs\/gras-in-den-duenen\/2010\/10\/18\/dankbarkeit-als-weg \" target=\"_blank\"> <span style=\"color: rgb(255, 88, 1;\">\u25ba | Dankbarkeit als Weg <\/span><\/a><br \/>\n<!--101--><a title=\" \u25ba | 21. Oktober 2010 - 0:17 | Falsch verstandene M\u00e4nnlichkeit \" href=\" http:\/\/www.evangelisch.de\/themen\/blogs\/gras-in-den-duenen\/2010\/10\/21\/falsch-verstandene-m%C3%A4nnlichkeit \" target=\"_blank\"> <span style=\"color: rgb(255, 88, 1;\">\u25ba | Falsch verstandene M\u00e4nnlichkeit <\/span><\/a><br \/>\n<!--102--><a title=\" \u25ba | 25. Oktober 2010 - 16:56 | Genie\u00dfe, was Du besitzt!\" href=\" http:\/\/www.evangelisch.de\/themen\/blogs\/gras-in-den-duenen\/2010\/10\/25\/genie\u00dfe-was-du-besitzt \" target=\"_blank\"> <span style=\"color: rgb(255, 88, 1;\">\u25ba | Genie\u00dfe, was Du besitzt!<\/span><\/a><br \/>\n<!--103--><a title=\" \u25ba | 27. Oktober 2010 - 17:31 | Der Mann und seine Archetypen!\" href=\" http:\/\/www.evangelisch.de\/themen\/blogs\/gras-in-den-duenen\/2010\/10\/27\/der-mann-und-seine-archetypen \" target=\"_blank\"> <span style=\"color: rgb(255, 88, 1;\">\u25ba | Der Mann und seine Archetypen <\/span><\/a><br \/>\n<!--104--><a title=\" \u25ba | 1. November 2010 - 3:05 | Verlorenes\" href=\" http:\/\/www.evangelisch.de\/themen\/blogs\/gras-in-den-duenen\/2010\/11\/01\/verlorenes \" target=\"_blank\"> <span style=\"color: rgb(255, 88, 1;\">\u25ba | Verlorenes <\/span><\/a><br \/>\n<!--105--><a title=\" \u25ba | 7. November 2010 - 23:56 |  Atemgebet\" href=\" http:\/\/www.evangelisch.de\/themen\/blogs\/gras-in-den-duenen\/2010\/11\/07\/atemgebet \" target=\"_blank\"> <span style=\"color: rgb(255, 88, 1;\">\u25ba |  Atemgebet <\/span><\/a><br \/>\n<!--106--><a title=\" \u25ba | 11. November 2010 - 19:02 |  Absturz in den November\" href=\" http:\/\/www.evangelisch.de\/themen\/blogs\/gras-in-den-duenen\/2010\/11\/11\/absturz-in-den-november\" target=\"_blank\"> <span style=\"color: rgb(255, 88, 1;\">\u25ba |  Absturz in den November <\/span><\/a><br \/>\n<!--107--><a title=\" \u25ba | 15. November 2010 - 0:23 | November-Umbruch\" href=\" http:\/\/www.evangelisch.de\/themen\/blogs\/gras-in-den-duenen\/2010\/11\/15\/november-umbruch  \" target=\"_blank\"> <span style=\"color: rgb(255, 88, 1;\">\u25ba |  November-Umbruch <\/span><\/a><br \/>\n<!--108--><a title=\" \u25ba | 19. November 2010 - 20:56 | Jahresbaustein November\" href=\" http:\/\/www.evangelisch.de\/themen\/blogs\/gras-in-den-duenen\/2010\/11\/19\/jahresbaustein-november \" target=\"_blank\"> <span style=\"color: rgb(255, 88, 1;\">\u25ba |  Jahresbaustein November <\/span><\/a><br \/>\n<!--109--><a title=\" \u25ba | 21. November 2010 - 22:20 | Sterbeangst \" href=\" http:\/\/www.evangelisch.de\/themen\/blogs\/gras-in-den-duenen\/2010\/11\/21\/sterbeangst \" target=\"_blank\"> <span style=\"color: rgb(255, 88, 1;\">\u25ba |  Sterbeangst <\/span><\/a><br \/>\n<!--110--><a title=\" \u25ba | 26. November 2010 - 22:12 | Angstkiller Vertrauen \" href=\" http:\/\/www.evangelisch.de\/themen\/blogs\/gras-in-den-duenen\/2010\/11\/26\/angstkiller-vertrauen \" target=\"_blank\"> <span style=\"color: rgb(255, 88, 1;\">\u25ba |  Angstkiller Vertrauen <\/span><\/a><br \/>\n<!--111--><a title=\" \u25ba | 29. November 2010 - 12:04 | W\u00fcrdevoll leben und sterben ... \" href=\" http:\/\/www.evangelisch.de\/themen\/blogs\/gras-in-den-duenen\/2010\/11\/29\/w\u00fcrdevoll-leben-und-sterben \" target=\"_blank\"> <span style=\"color: rgb(255, 88, 1;\">\u25ba | W\u00fcrdevoll leben und sterben &#8230;<\/span><\/a><br \/>\n<!--112--><a title=\" \u25ba | 1. Dezember 2010 - 23:45 | Krebs &amp; Aids\" href=\" http:\/\/www.evangelisch.de\/themen\/blogs\/gras-in-den-duenen\/2010\/12\/01\/krebs-aids \" target=\"_blank\"> <span style=\"color: rgb(255, 88, 1;\">\u25ba | Krebs &amp; Aids<\/span><\/a><br \/>\n<!--112a--><a title=\" \u25ba | 4. Dezember 2010 - 20:50 | Anmerkung zu Krebs &amp; Aids\" href=\" http:\/\/www.evangelisch.de\/themen\/blogs\/gras-in-den-duenen\/2010\/12\/01\/krebs-aids#comment-34697 \" target=\"_blank\"> <span style=\"color: rgb(255, 88, 1;\">\u25ba | \u25aa Anmerkung zu Krebs &amp; Aids<\/span><\/a><br \/>\n<!--113--><a title=\" \u25ba | 5. Dezember 2010 - 22:05 | Adventszeit \u2013 Fastenzeit \u2013 Vorbereitungszeit \" href=\" http:\/\/www.evangelisch.de\/themen\/blogs\/gras-in-den-duenen\/2010\/12\/05\/adventszeit-%E2%80%93-fastenzeit-%E2%80%93-vorbereitungszeit \" target=\"_blank\"> <span style=\"color: rgb(255, 88, 1;\">\u25ba | Adventszeit \u2013 Fastenzeit \u2013 Vorbereitungszeit <\/span><\/a><br \/>\n<!--114--><a title=\" \u25ba | 8. Dezember 2010 - 10:09 | Begegnung mit \u00bbS\u00fcndern\u00ab\" href=\" http:\/\/www.evangelisch.de\/themen\/blogs\/gras-in-den-duenen\/2010\/12\/08\/begegnung-mit-%C2%BBs%C3%BCndern%C2%AB \" target=\"_blank\"> <span style=\"color: rgb(255, 88, 1;\">\u25ba | Begegnung mit \u00bbS\u00fcndern\u00ab<\/span><\/a><br \/>\n<!--114a--><a title=\" \u25ba | 9. Dezember 2010 - 17:12 | Ein gro\u00dfer Unterschied \u2026\" href=\" http:\/\/www.evangelisch.de\/themen\/blogs\/gras-in-den-duenen\/2010\/12\/08\/begegnung-mit-%C2%BBs%C3%BCndern%C2%AB#comment-35053 \" target=\"_blank\"> <span style=\"color: rgb(255, 88, 1;\">\u25ba | \u25aa Ein gro\u00dfer Unterschied \u2026<\/span><\/a><br \/>\n<!--115--><a title=\" \u25ba | 12. Dezember 2010 - 21:06 | Gottes andersartige Sch\u00f6pfung \" href=\" http:\/\/www.evangelisch.de\/themen\/blogs\/gras-in-den-duenen\/2010\/12\/12\/gottes-andersartige-sch%C3%B6pfung \" target=\"_blank\"> <span style=\"color: rgb(255, 88, 1;\">\u25ba | Gottes andersartige Sch\u00f6pfung <\/span><\/a><br \/>\n<!--116--><a title=\" \u25ba | 18. Dezember 2010 - 12:50 | Schweigen ist nicht immer Gold\" href=\" http:\/\/www.evangelisch.de\/themen\/blogs\/gras-in-den-duenen\/2010\/12\/18\/schweigen-ist-nicht-immer-gold \" target=\"_blank\"> <span style=\"color: rgb(255, 88, 1;\">\u25ba | Schweigen ist nicht immer Gold<\/span><\/a><br \/>\n<!--117--><a title=\" \u25ba | 19. Dezember 2010 - 10:59 | Der Mut, zu fragen \" href=\" http:\/\/www.evangelisch.de\/themen\/blogs\/gras-in-den-duenen\/2010\/12\/19\/der-mut-zu-fragen \" target=\"_blank\"> <span style=\"color: rgb(255, 88, 1;\">\u25ba | Der Mut, zu fragen <\/span><\/a><br \/>\n<!--118--><a title=\" \u25ba | 20. Dezember 2010 - 0:28 | \u00bbWas fehlt Dir?\u00ab\" href=\" http:\/\/www.evangelisch.de\/themen\/blogs\/gras-in-den-duenen\/2010\/12\/20\/%C2%BBwas-fehlt-dir%C2%AB\" target=\"_blank\"> <span style=\"color: rgb(255, 88, 1;\">\u25ba | \u00bbWas fehlt Dir?\u00ab<\/span><\/a><br \/>\n<!--119--><a title=\" \u25ba | 23. Dezember 2010 - 17:58 | Feiern ohne Schuldgef\u00fchle\" href=\" http:\/\/www.evangelisch.de\/themen\/blogs\/gras-in-den-duenen\/2010\/12\/23\/feiern-ohne-schuldgef\u00fchle \" target=\"_blank\"> <span style=\"color: rgb(255, 88, 1;\">\u25ba | Feiern ohne Schuldgef\u00fchle<\/span><\/a><br \/>\n<!--120--><a title=\" \u25ba | 3. Januar 2011 - 00:29 | Wenn Du nachts nicht schlafen kannst \" href=\" http:\/\/www.evangelisch.de\/themen\/blogs\/gras-in-den-duenen\/2011\/01\/03\/wenn-du-nachts-nicht-schlafen-kannst \" target=\"_blank\"> <span style=\"color: rgb(255, 88, 1;\">\u25ba | Wenn Du nachts nicht schlafen kannst <\/span><\/a><br \/>\n<!--121--><a title=\" \u25ba | 8. Januar 2011 - 23:38 | Die Zahl Elf \" href=\" http:\/\/www.evangelisch.de\/themen\/blogs\/gras-in-den-duenen\/2011\/01\/08\/die-zahl-elf \" target=\"_blank\"> <span style=\"color: rgb(255, 88, 1;\">\u25ba | Die Zahl Elf <\/span><\/a><br \/>\n<!--122--><a title=\" \u25ba | 17. Januar 2011 - 02:07 | Vertrauensvoll loslassen \u2026\" href=\" http:\/\/www.evangelisch.de\/themen\/blogs\/gras-in-den-duenen\/2011\/01\/17\/vertrauensvoll-loslassen-%E2%80%A6 \" target=\"_blank\"> <span style=\"color: rgb(255, 88, 1;\">\u25ba | Vertrauensvoll loslassen \u2026<\/span><\/a><br \/>\n<!--123--><a title=\" \u25ba | 19. Januar 2011 - 13:55 | Jeder geht seinen eigenen (Krankheits-)Weg\" href=\" http:\/\/www.evangelisch.de\/themen\/blogs\/gras-in-den-duenen\/2011\/01\/19\/jeder-geht-seinen-eigenen-krankheits-weg \" target=\"_blank\"> <span style=\"color: rgb(255, 88, 1;\">\u25ba | Jeder geht seinen eigenen (Krankheits-)Weg <\/span><\/a><br \/>\n<!--124--><a title=\" \u25ba | 21. Januar 2011 - 14:27 | Zuf\u00e4lle fallen einem zu \" href=\" http:\/\/www.evangelisch.de\/themen\/blogs\/gras-in-den-duenen\/2011\/01\/21\/zuf%C3%A4lle-fallen-einem-zu \" target=\"_blank\"> <span style=\"color: rgb(255, 88, 1;\">\u25ba | Zuf\u00e4lle fallen einem zu <\/span><\/a><br \/>\n<!--125--><a title=\" \u25ba | 23. Januar 2011 - 23:55 | Zuf\u00e4lliges Schicksal \u2013 schicksalhafter Zufall\" href=\" http:\/\/www.evangelisch.de\/themen\/blogs\/gras-in-den-duenen\/2011\/01\/23\/zuf%C3%A4lliges-schicksal-%E2%80%93-schicksalhafter-zufall \" target=\"_blank\"> <span style=\"color: rgb(255, 88, 1;\">\u25ba | Zuf\u00e4lliges Schicksal \u2013 schicksalhafter Zufall <\/span><\/a><br \/>\n<!--126--><a title=\" \u25ba | 25. Januar 2011 - 00:19 | Das Z\u00fcnglein an der Waage \" href=\" http:\/\/www.evangelisch.de\/themen\/blogs\/gras-in-den-duenen\/2011\/01\/25\/das-z%C3%BCnglein-an-der-waage \" target=\"_blank\"> <span style=\"color: rgb(255, 88, 1;\">\u25ba | Das Z\u00fcnglein an der Waage <\/span><\/a><br \/>\n<!--127--><a title=\" \u25ba | 28. Januar 2011 - 23:40 | Mit seiner Krankheit selbstbestimmt leben \" href=\" http:\/\/www.evangelisch.de\/themen\/blogs\/gras-in-den-duenen\/2011\/01\/28\/mit-seiner-krankheit-selbstbestimmt-leben \" target=\"_blank\"> <span style=\"color: rgb(255, 88, 1;\">\u25ba | Mit seiner Krankheit selbstbestimmt leben <\/span><\/a><br \/>\n<!--128--><a title=\" \u25ba | 31. Januar 2011 - 12:40 | Dankbarkeit, ein Schl\u00fcssel zum Gl\u00fccklichsein\" href=\" http:\/\/www.evangelisch.de\/themen\/blogs\/gras-in-den-duenen\/2011\/01\/31\/dankbarkeit-ein-schl%C3%BCssel-zum-gl%C3%BCcklichsein \" target=\"_blank\"> <span style=\"color: rgb(255, 88, 1;\">\u25ba | Dankbarkeit, ein Schl\u00fcssel zum Gl\u00fccklichsein<\/span><\/a><br \/>\n<!--129--><a title=\" \u25ba | 2. Februar 2011 - 21:11 | \u00bbPositives Denken macht krank\u00ab\" href=\" http:\/\/www.evangelisch.de\/themen\/blogs\/gras-in-den-duenen\/2011\/02\/03\/%C2%BBpositives-denken-macht-krank%C2%AB \" target=\"_blank\"> <span style=\"color: rgb(255, 88, 1;\">\u25ba | \u00bbPositives Denken macht krank\u00ab<\/span><\/a><br \/>\n<!--130--><a title=\" \u25ba | 7. Februar 2011 - 1:32 | Wo Schatten ist, ist auch Licht \" href=\" http:\/\/www.evangelisch.de\/themen\/blogs\/gras-in-den-duenen\/2011\/02\/07\/wo-schatten-ist-ist-auch-licht \" target=\"_blank\"> <span style=\"color: rgb(255, 88, 1;\">\u25ba | Wo Schatten ist, ist auch Licht <\/span><\/a><br \/>\n<!--131--><a title=\" \u25ba | 10. Februar 2011 - 20:22 | Undankbarkeit\" href=\" http:\/\/www.evangelisch.de\/themen\/blogs\/gras-in-den-duenen\/2011\/02\/10\/undankbarkeit \" target=\"_blank\"> <span style=\"color: rgb(255, 88, 1;\">\u25ba | Undankbarkeit<\/span><\/a><br \/>\n<!--132--><a title=\" \u25ba | 14. Februar 2011 - 14:39 | Verpflichtende Dankbarkeit\" href=\" http:\/\/www.evangelisch.de\/themen\/blogs\/gras-in-den-duenen\/2011\/02\/14\/verpflichtende-dankbarkeit \" target=\"_blank\"> <span style=\"color: rgb(255, 88, 1;\">\u25ba | Verpflichtende Dankbarkeit<\/span><\/a><br \/>\n<!--133--><a title=\" \u25ba | 16. Februar 2011 - 20:15 | Ist Dankbarkeit Schw\u00e4che?\" href=\" http:\/\/www.evangelisch.de\/themen\/blogs\/gras-in-den-duenen\/2011\/02\/16\/ist-dankbarkeit-schw%C3%A4che \" target=\"_blank\"> <span style=\"color: rgb(255, 88, 1;\">\u25ba | Ist Dankbarkeit Schw\u00e4che?<\/span><\/a><br \/>\n<!--133a--><a title=\" \u25ba | 27. Februar 2011 - 20:12 | Karl Lagerfeld &amp; die Dankbarkeit\" href=\" http:\/\/www.evangelisch.de\/themen\/blogs\/gras-in-den-duenen\/2011\/02\/16\/ist-dankbarkeit-schw%C3%A4che#comment-42845 \" target=\"_blank\"> <span style=\"color: rgb(255, 88, 1;\">\u25ba | \u25aa Karl Lagerfeld &amp; die Dankbarkeit <\/span><\/a><br \/>\n<!--134--><a title=\" \u25ba | 19. Februar 2011 - 21:42 | Ged\u00e4chtnis des Herzens\" href=\" http:\/\/www.evangelisch.de\/themen\/blogs\/gras-in-den-duenen\/2011\/02\/19\/ged%C3%A4chtnis-des-herzens \" target=\"_blank\"> <span style=\"color: rgb(255, 88, 1;\">\u25ba | Ged\u00e4chtnis des Herzens<\/span><\/a><br \/>\n<!--135--><a title=\" \u25ba | 27. Februar 2011 - 19:54 | Stolze Dankbarkeit \u2013 Dankbarer Stolz\" href=\" http:\/\/www.evangelisch.de\/themen\/blogs\/gras-in-den-duenen\/2011\/02\/27\/stolze-dankbarkeit-%E2%80%93-dankbarer-stolz \" target=\"_blank\"> <span style=\"color: rgb(255, 88, 1;\">\u25ba | Stolze Dankbarkeit \u2013 Dankbarer Stolz<\/span><\/a><br \/>\n<!--136--><a title=\" \u25ba | 28. Februar 2011 - 0:00 | Dankbar f\u00fcr Dankbarkeit\" href=\" http:\/\/www.evangelisch.de\/themen\/blogs\/gras-in-den-duenen\/2011\/02\/28\/dankbar-fuer-dankbarkeit \" target=\"_blank\"> <span style=\"color: rgb(255, 88, 1;\">\u25ba | Dankbar f\u00fcr Dankbarkeit<\/span><\/a><\/p>\n<hr \/>\n<p>&nbsp;<\/p>\n<p style=\"padding-left: 30px; font-size: small; color: #000000; font-family: Arial;\"><strong>ENDE<\/strong> des <strong> CHRONOLOGISCHEN INHALSVERZEICNISSES<\/strong> von \u00bb<strong>evangelisch.de<\/strong>\u00ab<\/p>\n","protected":false},"excerpt":{"rendered":"<p>Alle meine Autorenbeitr\u00e4ge in \u00a0 evangelisch.de in \u25ba chronologischer Reihenfolge und als Link. \u25ba | Thematisches Inhaltsverzeichnis \u00a0 aus \u00a0 \u00bbevangelisch.de\u00ab \u25ba | Inhaltsverzeichnis \u00bbSonstige Beitr\u00e4ge\u00ab \u00a0 aus \u00a0 \u00bbevangelisch.de\u00ab \u25ba | D\u00fcnengras mit einer Zusammenfassung der Beitr\u00e4ge \u00bbVorgeschichte\u00ab \u25ba | Vorgeschichte (1\/8): Eine harmlose Schwellung \u25ba | Vorgeschichte (2\/8): Wenn uns ein Schicksalsschlag trifft [&hellip;]<\/p>\n","protected":false},"author":2,"featured_media":0,"parent":1551,"menu_order":320,"comment_status":"open","ping_status":"closed","template":"","meta":{"footnotes":""},"class_list":["post-1580","page","type-page","status-publish","hentry"],"_links":{"self":[{"href":"https:\/\/www.duenengras.de\/index.php?rest_route=\/wp\/v2\/pages\/1580","targetHints":{"allow":["GET"]}}],"collection":[{"href":"https:\/\/www.duenengras.de\/index.php?rest_route=\/wp\/v2\/pages"}],"about":[{"href":"https:\/\/www.duenengras.de\/index.php?rest_route=\/wp\/v2\/types\/page"}],"author":[{"embeddable":true,"href":"https:\/\/www.duenengras.de\/index.php?rest_route=\/wp\/v2\/users\/2"}],"replies":[{"embeddable":true,"href":"https:\/\/www.duenengras.de\/index.php?rest_route=%2Fwp%2Fv2%2Fcomments&post=1580"}],"version-history":[{"count":48,"href":"https:\/\/www.duenengras.de\/index.php?rest_route=\/wp\/v2\/pages\/1580\/revisions"}],"predecessor-version":[{"id":1643,"href":"https:\/\/www.duenengras.de\/index.php?rest_route=\/wp\/v2\/pages\/1580\/revisions\/1643"}],"up":[{"embeddable":true,"href":"https:\/\/www.duenengras.de\/index.php?rest_route=\/wp\/v2\/pages\/1551"}],"wp:attachment":[{"href":"https:\/\/www.duenengras.de\/index.php?rest_route=%2Fwp%2Fv2%2Fmedia&parent=1580"}],"curies":[{"name":"wp","href":"https:\/\/api.w.org\/{rel}","templated":true}]}}